{"id":12073,"date":"2016-12-05T09:48:45","date_gmt":"2021-11-22T19:12:54","guid":{"rendered":"https:\/\/www.rehafit.ch\/produkt\/cadre-de-marche-reciproque-pliable\/"},"modified":"2021-11-22T19:12:54","modified_gmt":"2021-11-22T19:12:54","slug":"cadre-de-marche-reciproque-pliable","status":"publish","type":"product","link":"https:\/\/www.rehafit.ch\/fr\/Produit\/cadre-de-marche-reciproque-pliable\/","title":{"rendered":"Cadre de marche, r\u00e9ciproque pliable"},"content":{"rendered":"<ul class=\"text_allg\">\n<li>Hauteur poign\u00e9e: 76-94cm<\/li>\n<li>Largeur ext\u00e9rieure : 52cm<\/li>\n<li>Profondeur: 42cm<\/li>\n<li>Poids: 2.22kg<\/li>\n<li>Capacit\u00e9 de charge: 110kg<\/li>\n<\/ul>\n","protected":false},"excerpt":{"rendered":"<p><span class=\"text_allg\"><img loading=\"lazy\" decoding=\"async\" class=\"alignnone wp-image-184\" src=\"https:\/\/www.rehafit.ch\/wp-content\/uploads\/2016\/12\/herdegen_logo.jpg\" alt=\"herdegen_logo\" width=\"120\" height=\"71\"><\/span><\/p>\n<p>Herdegen se caract\u00e9rise par des produits innovants tels que le si\u00e8ge de toilette sur\u00e9lev\u00e9 doux<a href=\"https:\/\/www.rehafit.ch\/produkt\/toilettensitzerhoehung-contact-plus\/\"> CONTACTER PLUS<\/a> ou la b\u00e9quille d&rsquo;avant-bras en mousse ADVANCE.<\/p>\n","protected":false},"featured_media":0,"comment_status":"open","ping_status":"closed","template":"","meta":{"kt_blocks_editor_width":""},"product_brand":[],"product_cat":[139,145],"product_tag":[],"class_list":["post-12073","product","type-product","status-publish","product_cat-aides-a-la-marche","product_cat-cadres-de-marche","first","instock","taxable","shipping-taxable","purchasable","product-type-simple"],"aioseo_notices":[],"aioseo_head":"\n\t\t<!-- All in One SEO Pro 5.0.1.1 - aioseo.com -->\n\t<meta name=\"description\" content=\"Herdegen se caract\u00e9rise par des produits innovants tels que le si\u00e8ge de toilette sur\u00e9lev\u00e9 doux CONTACTER PLUS ou la b\u00e9quille d&#039;avant-bras en mousse ADVANCE.\" \/>\n\t<meta name=\"robots\" content=\"max-image-preview:large\" \/>\n\t<meta name=\"google-site-verification\" content=\"_ekXanKmrZP8LsdJCJaSAsSLo49FNOwBWw0dFoKalQA\" \/>\n\t<link rel=\"canonical\" href=\"https:\/\/www.rehafit.ch\/fr\/Produit\/cadre-de-marche-reciproque-pliable\/\" \/>\n\t<meta name=\"generator\" content=\"All in One SEO Pro (AIOSEO) 5.0.1.1\" \/>\n\t\t<script type=\"application\/ld+json\" class=\"aioseo-schema\">\n\t\t\t{\"@context\":\"https:\\\/\\\/schema.org\",\"@graph\":[{\"@type\":\"BreadcrumbList\",\"@id\":\"https:\\\/\\\/www.rehafit.ch\\\/fr\\\/Produit\\\/cadre-de-marche-reciproque-pliable\\\/#breadcrumblist\",\"itemListElement\":[{\"@type\":\"ListItem\",\"@id\":\"https:\\\/\\\/www.rehafit.ch\\\/fr\\\/#listItem\",\"position\":1,\"name\":\"Home\",\"item\":\"https:\\\/\\\/www.rehafit.ch\\\/fr\\\/\",\"nextItem\":{\"@type\":\"ListItem\",\"@id\":\"https:\\\/\\\/www.rehafit.ch\\\/fr\\\/shop\\\/#listItem\",\"name\":\"Boutique\"}},{\"@type\":\"ListItem\",\"@id\":\"https:\\\/\\\/www.rehafit.ch\\\/fr\\\/shop\\\/#listItem\",\"position\":2,\"name\":\"Boutique\",\"item\":\"https:\\\/\\\/www.rehafit.ch\\\/fr\\\/shop\\\/\",\"nextItem\":{\"@type\":\"ListItem\",\"@id\":\"https:\\\/\\\/www.rehafit.ch\\\/fr\\\/cat\\u00e9gorie-de-produits\\\/aides-a-la-marche\\\/#listItem\",\"name\":\"Aides \\u00e0 la marche\"},\"previousItem\":{\"@type\":\"ListItem\",\"@id\":\"https:\\\/\\\/www.rehafit.ch\\\/fr\\\/#listItem\",\"name\":\"Home\"}},{\"@type\":\"ListItem\",\"@id\":\"https:\\\/\\\/www.rehafit.ch\\\/fr\\\/cat\\u00e9gorie-de-produits\\\/aides-a-la-marche\\\/#listItem\",\"position\":3,\"name\":\"Aides \\u00e0 la marche\",\"item\":\"https:\\\/\\\/www.rehafit.ch\\\/fr\\\/cat\\u00e9gorie-de-produits\\\/aides-a-la-marche\\\/\",\"nextItem\":{\"@type\":\"ListItem\",\"@id\":\"https:\\\/\\\/www.rehafit.ch\\\/fr\\\/cat\\u00e9gorie-de-produits\\\/aides-a-la-marche\\\/cadres-de-marche\\\/#listItem\",\"name\":\"Cadres de marche\"},\"previousItem\":{\"@type\":\"ListItem\",\"@id\":\"https:\\\/\\\/www.rehafit.ch\\\/fr\\\/shop\\\/#listItem\",\"name\":\"Boutique\"}},{\"@type\":\"ListItem\",\"@id\":\"https:\\\/\\\/www.rehafit.ch\\\/fr\\\/cat\\u00e9gorie-de-produits\\\/aides-a-la-marche\\\/cadres-de-marche\\\/#listItem\",\"position\":4,\"name\":\"Cadres de marche\",\"item\":\"https:\\\/\\\/www.rehafit.ch\\\/fr\\\/cat\\u00e9gorie-de-produits\\\/aides-a-la-marche\\\/cadres-de-marche\\\/\",\"nextItem\":{\"@type\":\"ListItem\",\"@id\":\"https:\\\/\\\/www.rehafit.ch\\\/fr\\\/Produit\\\/cadre-de-marche-reciproque-pliable\\\/#listItem\",\"name\":\"Cadre de marche, r\\u00e9ciproque pliable\"},\"previousItem\":{\"@type\":\"ListItem\",\"@id\":\"https:\\\/\\\/www.rehafit.ch\\\/fr\\\/cat\\u00e9gorie-de-produits\\\/aides-a-la-marche\\\/#listItem\",\"name\":\"Aides \\u00e0 la marche\"}},{\"@type\":\"ListItem\",\"@id\":\"https:\\\/\\\/www.rehafit.ch\\\/fr\\\/Produit\\\/cadre-de-marche-reciproque-pliable\\\/#listItem\",\"position\":5,\"name\":\"Cadre de marche, r\\u00e9ciproque pliable\",\"previousItem\":{\"@type\":\"ListItem\",\"@id\":\"https:\\\/\\\/www.rehafit.ch\\\/fr\\\/cat\\u00e9gorie-de-produits\\\/aides-a-la-marche\\\/cadres-de-marche\\\/#listItem\",\"name\":\"Cadres de marche\"}}]},{\"@type\":\"Organization\",\"@id\":\"https:\\\/\\\/www.rehafit.ch\\\/fr\\\/#organization\",\"name\":\"rehafit.ch\",\"description\":\"Aides pour la r\\u00e9habilitation et de la mobilit\\u00e9\",\"url\":\"https:\\\/\\\/www.rehafit.ch\\\/fr\\\/\",\"sameAs\":[\"https:\\\/\\\/facebook.com\\\/rehafit\",\"https:\\\/\\\/x.com\\\/rehafit\",\"https:\\\/\\\/instagram.com\\\/rehafit\",\"https:\\\/\\\/pinterest.com\\\/rehafit\",\"https:\\\/\\\/youtube.com\\\/rehafit\",\"https:\\\/\\\/linkedin.com\\\/in\\\/rehafit\"]},{\"@type\":\"Product\",\"@id\":\"https:\\\/\\\/www.rehafit.ch\\\/fr\\\/Produit\\\/cadre-de-marche-reciproque-pliable\\\/#wooCommerceProduct\",\"name\":\"Cadre de marche, r\\u00e9ciproque pliable\",\"description\":\"Herdegen se caract\\u00e9rise par des produits innovants tels que le si\\u00e8ge de toilette sur\\u00e9lev\\u00e9 doux CONTACTER PLUS ou la b\\u00e9quille d'avant-bras en mousse ADVANCE.\",\"url\":\"https:\\\/\\\/www.rehafit.ch\\\/fr\\\/Produit\\\/cadre-de-marche-reciproque-pliable\\\/\",\"sku\":\"H-222850\",\"image\":{\"@type\":\"ImageObject\",\"url\":\"https:\\\/\\\/www.rehafit.ch\\\/wp-content\\\/uploads\\\/2016\\\/12\\\/222850.jpg\",\"@id\":\"https:\\\/\\\/www.rehafit.ch\\\/fr\\\/Produit\\\/cadre-de-marche-reciproque-pliable\\\/#productImage\",\"width\":750,\"height\":942},\"offers\":{\"@type\":\"Offer\",\"url\":\"https:\\\/\\\/www.rehafit.ch\\\/fr\\\/Produit\\\/cadre-de-marche-reciproque-pliable\\\/#wooCommerceOffer\",\"price\":152,\"priceCurrency\":\"CHF\",\"category\":\"Cadres de marche\",\"availability\":\"https:\\\/\\\/schema.org\\\/InStock\",\"priceSpecification\":{\"@type\":\"PriceSpecification\",\"price\":152,\"priceCurrency\":\"CHF\",\"valueAddedTaxIncluded\":true},\"seller\":{\"@type\":\"Organization\",\"@id\":\"https:\\\/\\\/www.rehafit.ch\\\/fr\\\/#organization\"}}},{\"@type\":\"WebPage\",\"@id\":\"https:\\\/\\\/www.rehafit.ch\\\/fr\\\/Produit\\\/cadre-de-marche-reciproque-pliable\\\/#webpage\",\"url\":\"https:\\\/\\\/www.rehafit.ch\\\/fr\\\/Produit\\\/cadre-de-marche-reciproque-pliable\\\/\",\"name\":\"Cadre de marche, r\\u00e9ciproque pliable | rehafit.ch\",\"description\":\"Herdegen se caract\\u00e9rise par des produits innovants tels que le si\\u00e8ge de toilette sur\\u00e9lev\\u00e9 doux CONTACTER PLUS ou la b\\u00e9quille d'avant-bras en mousse ADVANCE.\",\"inLanguage\":\"fr-FR\",\"isPartOf\":{\"@id\":\"https:\\\/\\\/www.rehafit.ch\\\/fr\\\/#website\"},\"breadcrumb\":{\"@id\":\"https:\\\/\\\/www.rehafit.ch\\\/fr\\\/Produit\\\/cadre-de-marche-reciproque-pliable\\\/#breadcrumblist\"},\"datePublished\":\"2016-12-05T09:48:45+00:00\",\"dateModified\":\"2021-11-22T19:12:54+00:00\"},{\"@type\":\"WebSite\",\"@id\":\"https:\\\/\\\/www.rehafit.ch\\\/fr\\\/#website\",\"url\":\"https:\\\/\\\/www.rehafit.ch\\\/fr\\\/\",\"name\":\"rehafit.ch\",\"description\":\"Aides pour la r\\u00e9habilitation et de la mobilit\\u00e9\",\"inLanguage\":\"fr-FR\",\"publisher\":{\"@id\":\"https:\\\/\\\/www.rehafit.ch\\\/fr\\\/#organization\"}}]}\n\t\t<\/script>\n\t\t<!-- All in One SEO Pro -->\r\n\t\t<title>Cadre de marche, r\u00e9ciproque pliable | rehafit.ch<\/title>\n\n","aioseo_head_json":{"title":"Cadre de marche, r\u00e9ciproque pliable | rehafit.ch","description":"Herdegen se caract\u00e9rise par des produits innovants tels que le si\u00e8ge de toilette sur\u00e9lev\u00e9 doux CONTACTER PLUS ou la b\u00e9quille d'avant-bras en mousse ADVANCE.","canonical_url":"https:\/\/www.rehafit.ch\/fr\/Produit\/cadre-de-marche-reciproque-pliable\/","robots":"max-image-preview:large","keywords":"","webmasterTools":{"google-site-verification":"_ekXanKmrZP8LsdJCJaSAsSLo49FNOwBWw0dFoKalQA","miscellaneous":""},"schema":{"@context":"https:\/\/schema.org","@graph":[{"@type":"BreadcrumbList","@id":"https:\/\/www.rehafit.ch\/fr\/Produit\/cadre-de-marche-reciproque-pliable\/#breadcrumblist","itemListElement":[{"@type":"ListItem","@id":"https:\/\/www.rehafit.ch\/fr\/#listItem","position":1,"name":"Home","item":"https:\/\/www.rehafit.ch\/fr\/","nextItem":{"@type":"ListItem","@id":"https:\/\/www.rehafit.ch\/fr\/shop\/#listItem","name":"Boutique"}},{"@type":"ListItem","@id":"https:\/\/www.rehafit.ch\/fr\/shop\/#listItem","position":2,"name":"Boutique","item":"https:\/\/www.rehafit.ch\/fr\/shop\/","nextItem":{"@type":"ListItem","@id":"https:\/\/www.rehafit.ch\/fr\/cat\u00e9gorie-de-produits\/aides-a-la-marche\/#listItem","name":"Aides \u00e0 la marche"},"previousItem":{"@type":"ListItem","@id":"https:\/\/www.rehafit.ch\/fr\/#listItem","name":"Home"}},{"@type":"ListItem","@id":"https:\/\/www.rehafit.ch\/fr\/cat\u00e9gorie-de-produits\/aides-a-la-marche\/#listItem","position":3,"name":"Aides \u00e0 la marche","item":"https:\/\/www.rehafit.ch\/fr\/cat\u00e9gorie-de-produits\/aides-a-la-marche\/","nextItem":{"@type":"ListItem","@id":"https:\/\/www.rehafit.ch\/fr\/cat\u00e9gorie-de-produits\/aides-a-la-marche\/cadres-de-marche\/#listItem","name":"Cadres de marche"},"previousItem":{"@type":"ListItem","@id":"https:\/\/www.rehafit.ch\/fr\/shop\/#listItem","name":"Boutique"}},{"@type":"ListItem","@id":"https:\/\/www.rehafit.ch\/fr\/cat\u00e9gorie-de-produits\/aides-a-la-marche\/cadres-de-marche\/#listItem","position":4,"name":"Cadres de marche","item":"https:\/\/www.rehafit.ch\/fr\/cat\u00e9gorie-de-produits\/aides-a-la-marche\/cadres-de-marche\/","nextItem":{"@type":"ListItem","@id":"https:\/\/www.rehafit.ch\/fr\/Produit\/cadre-de-marche-reciproque-pliable\/#listItem","name":"Cadre de marche, r\u00e9ciproque pliable"},"previousItem":{"@type":"ListItem","@id":"https:\/\/www.rehafit.ch\/fr\/cat\u00e9gorie-de-produits\/aides-a-la-marche\/#listItem","name":"Aides \u00e0 la marche"}},{"@type":"ListItem","@id":"https:\/\/www.rehafit.ch\/fr\/Produit\/cadre-de-marche-reciproque-pliable\/#listItem","position":5,"name":"Cadre de marche, r\u00e9ciproque pliable","previousItem":{"@type":"ListItem","@id":"https:\/\/www.rehafit.ch\/fr\/cat\u00e9gorie-de-produits\/aides-a-la-marche\/cadres-de-marche\/#listItem","name":"Cadres de marche"}}]},{"@type":"Organization","@id":"https:\/\/www.rehafit.ch\/fr\/#organization","name":"rehafit.ch","description":"Aides pour la r\u00e9habilitation et de la mobilit\u00e9","url":"https:\/\/www.rehafit.ch\/fr\/","sameAs":["https:\/\/facebook.com\/rehafit","https:\/\/x.com\/rehafit","https:\/\/instagram.com\/rehafit","https:\/\/pinterest.com\/rehafit","https:\/\/youtube.com\/rehafit","https:\/\/linkedin.com\/in\/rehafit"]},{"@type":"Product","@id":"https:\/\/www.rehafit.ch\/fr\/Produit\/cadre-de-marche-reciproque-pliable\/#wooCommerceProduct","name":"Cadre de marche, r\u00e9ciproque pliable","description":"Herdegen se caract\u00e9rise par des produits innovants tels que le si\u00e8ge de toilette sur\u00e9lev\u00e9 doux CONTACTER PLUS ou la b\u00e9quille d'avant-bras en mousse ADVANCE.","url":"https:\/\/www.rehafit.ch\/fr\/Produit\/cadre-de-marche-reciproque-pliable\/","sku":"H-222850","image":{"@type":"ImageObject","url":"https:\/\/www.rehafit.ch\/wp-content\/uploads\/2016\/12\/222850.jpg","@id":"https:\/\/www.rehafit.ch\/fr\/Produit\/cadre-de-marche-reciproque-pliable\/#productImage","width":750,"height":942},"offers":{"@type":"Offer","url":"https:\/\/www.rehafit.ch\/fr\/Produit\/cadre-de-marche-reciproque-pliable\/#wooCommerceOffer","price":152,"priceCurrency":"CHF","category":"Cadres de marche","availability":"https:\/\/schema.org\/InStock","priceSpecification":{"@type":"PriceSpecification","price":152,"priceCurrency":"CHF","valueAddedTaxIncluded":true},"seller":{"@type":"Organization","@id":"https:\/\/www.rehafit.ch\/fr\/#organization"}}},{"@type":"WebPage","@id":"https:\/\/www.rehafit.ch\/fr\/Produit\/cadre-de-marche-reciproque-pliable\/#webpage","url":"https:\/\/www.rehafit.ch\/fr\/Produit\/cadre-de-marche-reciproque-pliable\/","name":"Cadre de marche, r\u00e9ciproque pliable | rehafit.ch","description":"Herdegen se caract\u00e9rise par des produits innovants tels que le si\u00e8ge de toilette sur\u00e9lev\u00e9 doux CONTACTER PLUS ou la b\u00e9quille d'avant-bras en mousse ADVANCE.","inLanguage":"fr-FR","isPartOf":{"@id":"https:\/\/www.rehafit.ch\/fr\/#website"},"breadcrumb":{"@id":"https:\/\/www.rehafit.ch\/fr\/Produit\/cadre-de-marche-reciproque-pliable\/#breadcrumblist"},"datePublished":"2016-12-05T09:48:45+00:00","dateModified":"2021-11-22T19:12:54+00:00"},{"@type":"WebSite","@id":"https:\/\/www.rehafit.ch\/fr\/#website","url":"https:\/\/www.rehafit.ch\/fr\/","name":"rehafit.ch","description":"Aides pour la r\u00e9habilitation et de la mobilit\u00e9","inLanguage":"fr-FR","publisher":{"@id":"https:\/\/www.rehafit.ch\/fr\/#organization"}}]}},"aioseo_meta_data":{"post_id":"12073","title":null,"description":null,"keywords":null,"keyphrases":null,"primary_term":null,"canonical_url":null,"og_title":null,"og_description":null,"og_object_type":"default","og_image_type":"default","og_image_url":null,"og_image_width":null,"og_image_height":null,"og_image_custom_url":null,"og_image_custom_fields":null,"og_video":null,"og_custom_url":null,"og_article_section":null,"og_article_tags":null,"twitter_use_og":false,"twitter_card":"default","twitter_image_type":"default","twitter_image_url":null,"twitter_image_custom_url":null,"twitter_image_custom_fields":null,"twitter_title":null,"twitter_description":null,"schema":{"blockGraphs":[],"customGraphs":[],"default":{"data":{"Article":[],"Course":[],"Dataset":[],"FAQPage":[],"Movie":[],"Person":[],"Product":[],"ProductReview":[],"Car":[],"Recipe":[],"Service":[],"SoftwareApplication":[],"WebPage":[]},"graphName":"","isEnabled":true},"graphs":[]},"schema_type":"default","schema_type_options":null,"pillar_content":false,"robots_default":true,"robots_noindex":false,"robots_noarchive":false,"robots_nosnippet":false,"robots_nofollow":false,"robots_noimageindex":false,"robots_noodp":false,"robots_notranslate":false,"robots_max_snippet":null,"robots_max_videopreview":null,"robots_max_imagepreview":"large","priority":null,"frequency":null,"local_seo":null,"seo_analyzer_scan_date":"2026-08-19 17:18:52","breadcrumb_settings":null,"limit_modified_date":false,"open_ai":null,"ai":null,"created":"2022-01-06 17:07:50","updated":"2026-08-19 17:18:52","focus_keyword":null,"additional_keywords":null,"truseo_locale":null},"_links":{"self":[{"href":"https:\/\/www.rehafit.ch\/fr\/wp-json\/wp\/v2\/product\/12073","targetHints":{"allow":["GET"]}}],"collection":[{"href":"https:\/\/www.rehafit.ch\/fr\/wp-json\/wp\/v2\/product"}],"about":[{"href":"https:\/\/www.rehafit.ch\/fr\/wp-json\/wp\/v2\/types\/product"}],"replies":[{"embeddable":true,"href":"https:\/\/www.rehafit.ch\/fr\/wp-json\/wp\/v2\/comments?post=12073"}],"wp:attachment":[{"href":"https:\/\/www.rehafit.ch\/fr\/wp-json\/wp\/v2\/media?parent=12073"}],"wp:term":[{"taxonomy":"product_brand","embeddable":true,"href":"https:\/\/www.rehafit.ch\/fr\/wp-json\/wp\/v2\/product_brand?post=12073"},{"taxonomy":"product_cat","embeddable":true,"href":"https:\/\/www.rehafit.ch\/fr\/wp-json\/wp\/v2\/product_cat?post=12073"},{"taxonomy":"product_tag","embeddable":true,"href":"https:\/\/www.rehafit.ch\/fr\/wp-json\/wp\/v2\/product_tag?post=12073"}],"curies":[{"name":"wp","href":"https:\/\/api.w.org\/{rel}","templated":true}]}}