{"id":10456,"date":"2021-03-26T10:30:05","date_gmt":"2021-09-22T08:26:22","guid":{"rendered":"https:\/\/www.rehafit.ch\/produkt\/deambulateur-bischoff-bischoff-gebo\/"},"modified":"2021-09-22T08:26:22","modified_gmt":"2021-09-22T08:26:22","slug":"eveque-eveque-deambulateur-gebo","status":"publish","type":"product","link":"https:\/\/www.rehafit.ch\/fr\/Produit\/eveque-eveque-deambulateur-gebo\/","title":{"rendered":"D\u00e9ambulateur Bischoff &amp; Bischoff GEBO"},"content":{"rendered":"<table class=\"contenttable\" width=\"385\">\n<tbody>\n<tr>\n<td>Largeur x Hauteur<\/td>\n<td>51,5 x 58,0 cm<\/td>\n<\/tr>\n<tr>\n<td rowspan=\"1\">Hauteur de la poign\u00e9e:<\/td>\n<td rowspan=\"1\">82 &#8211; 92 cm<\/td>\n<\/tr>\n<tr>\n<td rowspan=\"1\">Poids total:<\/td>\n<td rowspan=\"1\">2,2 kilogrammes<\/td>\n<\/tr>\n<tr>\n<td rowspan=\"1\">Max. Charge:<\/td>\n<td rowspan=\"1\">120kg<\/td>\n<\/tr>\n<tr>\n<td rowspan=\"1\">Couleur:<\/td>\n<td rowspan=\"1\">bronze<\/td>\n<\/tr>\n<\/tbody>\n<\/table>\n","protected":false},"excerpt":{"rendered":"<h5><span class=\"text_allg\" style=\"font-size: small;\"><img loading=\"lazy\" decoding=\"async\" class=\"alignnone size-full wp-image-793\" src=\"https:\/\/www.rehafit.ch\/wp-content\/uploads\/2017\/02\/bb.jpg\" alt=\"\" width=\"150\" height=\"93\" srcset=\"https:\/\/www.rehafit.ch\/wp-content\/uploads\/2017\/02\/bb.jpg 150w, https:\/\/www.rehafit.ch\/wp-content\/uploads\/2017\/02\/bb-80x50.jpg 80w\" sizes=\"auto, (max-width: 150px) 100vw, 150px\" \/><\/span><\/h5>\n<div class=\"fusion-text fusion-text-3\">\n<div class=\"fusion-text fusion-text-1\">\n<div class=\"fusion-text fusion-text-1\">\n<div class=\"fusion-text fusion-text-1\">\n<p><strong>Tenue optimale<br \/>\n<\/strong> Le d\u00e9ambulateur stable en aluminium vous soutient de mani\u00e8re fiable pendant la marche. Les poign\u00e9es de forme ergonomique en caoutchouc souple sont \u00e9galement id\u00e9ales pour une utilisation plus longue. De plus, la hauteur du d\u00e9ambulateur peut \u00eatre ajust\u00e9e \u00e0 votre taille en plusieurs \u00e9tapes.<\/p>\n<p><strong>Rev\u00eatement antid\u00e9rapant<br \/>\n<\/strong> Pour que le cadre repose solidement m\u00eame sur des sols lisses, il est \u00e9quip\u00e9 de pieds en caoutchouc antid\u00e9rapants. Gr\u00e2ce au d\u00e9ambulateur, vous pouvez \u00e0 nouveau participer activement \u00e0 la vie et vous d\u00e9placer avec une agr\u00e9able sensation de s\u00e9curit\u00e9.<\/p>\n<div class=\"fusion-layout-column fusion_builder_column fusion-builder-column-8 fusion_builder_column_1_3 1_3 fusion-flex-column fusion-animated\" data-animationtype=\"slideInLeft\" data-animationduration=\"0.9\" data-animationoffset=\"100%\">\n<div class=\"fusion-column-wrapper fusion-flex-justify-content-flex-start fusion-content-layout-column\">\n<div class=\"fusion-li-item-content\">\n<ul>\n<li>cadre en aluminium stable<\/li>\n<li>cadre de marche rigide<\/li>\n<li>pliant<\/li>\n<li>hauteur r\u00e9glable sur 5 niveaux<\/li>\n<li>Poign\u00e9es de forme ergonomique<\/li>\n<li>pieds en caoutchouc antid\u00e9rapants<\/li>\n<\/ul>\n<\/div>\n<\/div>\n<\/div>\n<div class=\"fusion-layout-column fusion_builder_column fusion-builder-column-9 fusion_builder_column_1_3 1_3 fusion-flex-column fusion-animated\" data-animationtype=\"slideInLeft\" data-animationduration=\"0.9\" data-animationoffset=\"100%\">\n<div class=\"fusion-column-wrapper fusion-flex-justify-content-flex-start fusion-content-layout-column\"><\/div>\n<\/div>\n<div class=\"fusion-layout-column fusion_builder_column fusion-builder-column-10 fusion_builder_column_1_3 1_3 fusion-flex-column fusion-animated\" data-animationtype=\"slideInLeft\" data-animationduration=\"0.9\" data-animationoffset=\"100%\">\n<div class=\"fusion-column-wrapper fusion-flex-justify-content-flex-start fusion-content-layout-column\"><\/div>\n<\/div>\n<\/div>\n<\/div>\n<\/div>\n<\/div>\n<p>&nbsp;<\/p>\n","protected":false},"featured_media":9903,"comment_status":"open","ping_status":"closed","template":"","meta":{"kt_blocks_editor_width":""},"product_brand":[],"product_cat":[139,145],"product_tag":[],"class_list":{"0":"post-10456","1":"product","2":"type-product","3":"status-publish","4":"has-post-thumbnail","6":"product_cat-aides-a-la-marche","7":"product_cat-cadres-de-marche","9":"first","10":"instock","11":"taxable","12":"shipping-taxable","13":"purchasable","14":"product-type-simple"},"aioseo_notices":[],"_links":{"self":[{"href":"https:\/\/www.rehafit.ch\/fr\/wp-json\/wp\/v2\/product\/10456","targetHints":{"allow":["GET"]}}],"collection":[{"href":"https:\/\/www.rehafit.ch\/fr\/wp-json\/wp\/v2\/product"}],"about":[{"href":"https:\/\/www.rehafit.ch\/fr\/wp-json\/wp\/v2\/types\/product"}],"replies":[{"embeddable":true,"href":"https:\/\/www.rehafit.ch\/fr\/wp-json\/wp\/v2\/comments?post=10456"}],"wp:featuredmedia":[{"embeddable":true,"href":"https:\/\/www.rehafit.ch\/fr\/wp-json\/wp\/v2\/media\/9903"}],"wp:attachment":[{"href":"https:\/\/www.rehafit.ch\/fr\/wp-json\/wp\/v2\/media?parent=10456"}],"wp:term":[{"taxonomy":"product_brand","embeddable":true,"href":"https:\/\/www.rehafit.ch\/fr\/wp-json\/wp\/v2\/product_brand?post=10456"},{"taxonomy":"product_cat","embeddable":true,"href":"https:\/\/www.rehafit.ch\/fr\/wp-json\/wp\/v2\/product_cat?post=10456"},{"taxonomy":"product_tag","embeddable":true,"href":"https:\/\/www.rehafit.ch\/fr\/wp-json\/wp\/v2\/product_tag?post=10456"}],"curies":[{"name":"wp","href":"https:\/\/api.w.org\/{rel}","templated":true}]}}